{"id":573,"date":"2020-05-06T11:18:30","date_gmt":"2020-05-06T10:18:30","guid":{"rendered":"https:\/\/www.translanekin.eu\/appels\/"},"modified":"2021-09-30T19:03:21","modified_gmt":"2021-09-30T18:03:21","slug":"appels","status":"publish","type":"page","link":"https:\/\/www.translanekin.eu\/fr\/appels\/","title":{"rendered":"APPELS"},"content":{"rendered":"<p>[et_pb_section fb_built=\u00a0\u00bb1&Prime; fullwidth=\u00a0\u00bbon\u00a0\u00bb _builder_version=\u00a0\u00bb4.4.3&Prime; locked=\u00a0\u00bboff\u00a0\u00bb][et_pb_fullwidth_slider _builder_version=\u00a0\u00bb4.4.4&Prime; background_enable_image=\u00a0\u00bboff\u00a0\u00bb custom_padding=\u00a0\u00bb165px||165px|||\u00a0\u00bb auto=\u00a0\u00bbon\u00a0\u00bb][et_pb_slide heading=\u00a0\u00bbAPPELS D\u00b4OFFRES\u00a0\u00bb button_link=\u00a0\u00bb@ET-DC@eyJkeW5hbWljIjp0cnVlLCJjb250ZW50IjoicG9zdF9saW5rX3VybF9wYWdlIiwic2V0dGluZ3MiOnsicG9zdF9pZCI6IjEyIn19@\u00a0\u00bb use_bg_overlay=\u00a0\u00bboff\u00a0\u00bb use_text_overlay=\u00a0\u00bboff\u00a0\u00bb _builder_version=\u00a0\u00bb4.4.4&Prime; _dynamic_attributes=\u00a0\u00bbbutton_link\u00a0\u00bb header_font=\u00a0\u00bb|600||on|||||\u00a0\u00bb header_text_color=\u00a0\u00bb#226acf\u00a0\u00bb header_font_size=\u00a0\u00bb61px\u00a0\u00bb header_letter_spacing=\u00a0\u00bb1px\u00a0\u00bb body_font_size=\u00a0\u00bb19px\u00a0\u00bb background_image=\u00a0\u00bbhttps:\/\/www.translanekin.eu\/wp-content\/uploads\/2020\/05\/Portada-licitaciones.jpg\u00a0\u00bb background_enable_image=\u00a0\u00bbon\u00a0\u00bb header_text_shadow_style=\u00a0\u00bbpreset2&Prime; sticky_transition=\u00a0\u00bbon\u00a0\u00bb][\/et_pb_slide][\/et_pb_fullwidth_slider][\/et_pb_section][et_pb_section fb_built=\u00a0\u00bb1&Prime; _builder_version=\u00a0\u00bb4.4.3&Prime; custom_padding=\u00a0\u00bb30px|||||\u00a0\u00bb][et_pb_row _builder_version=\u00a0\u00bb4.4.3&Prime;][et_pb_column type=\u00a0\u00bb4_4&Prime; _builder_version=\u00a0\u00bb4.4.3&Prime;][et_pb_text _builder_version=\u00a0\u00bb4.4.5&Prime; text_orientation=\u00a0\u00bbcenter\u00a0\u00bb]Dans cette section, les avis d\u2019adjudications et les invitations \u00e0 soumettre des offres en relation avec les contrats d\u2019assistance technique et d\u2019achat d&rsquo;\u00e9quipements n\u00e9cessaires \u00e0 la bonne ex\u00e9cution des activit\u00e9s du projet, y seront publi\u00e9s.[\/et_pb_text][\/et_pb_column][\/et_pb_row][et_pb_row _builder_version=\u00a0\u00bb4.4.3&Prime;][et_pb_column type=\u00a0\u00bb4_4&Prime; _builder_version=\u00a0\u00bb4.4.3&Prime;][et_pb_toggle title=\u00a0\u00bb#1.-Contrat des services de d\u00e9veloppement technique de la plateforme web du projet \u00a0\u00bb open_toggle_text_color=\u00a0\u00bb#226acf\u00a0\u00bb open_toggle_background_color=\u00a0\u00bbrgba(244,244,244,0.43)\u00a0\u00bb closed_toggle_text_color=\u00a0\u00bb#226acf\u00a0\u00bb use_icon_font_size=\u00a0\u00bbon\u00a0\u00bb _builder_version=\u00a0\u00bb4.6.6&Prime; title_text_color=\u00a0\u00bb#051440&Prime; title_font=\u00a0\u00bb|600|||||||\u00a0\u00bb title_font_size=\u00a0\u00bb22px\u00a0\u00bb title_line_height=\u00a0\u00bb1.1em\u00a0\u00bb closed_title_font_size=\u00a0\u00bb18px\u00a0\u00bb border_color_all=\u00a0\u00bb#226acf\u00a0\u00bb]<\/p>\n<p>Le but:<\/p>\n<ul>\n<li>D\u00e9velopper la plateforme Web avec les outils p\u00e9dagogiques.<\/li>\n<li>D\u00e9velopper des formations \u00e0 distance avec le logiciel MOODLE.<\/li>\n<li>Rendre visibles les emplois \u00e0 pourvoir et les itin\u00e9raires de formation les plus appropri\u00e9s.<\/li>\n<li>D\u00e9velopper des outils didactiques simples compl\u00e9mentaires au projet EMPLEO POCTEFA<\/li>\n<\/ul>\n<p>Plus d&rsquo;informations:<a href=\"https:\/\/www.translanekin.eu\/wp-content\/uploads\/2021\/01\/TRANSLANEKIN-20210105_ConsultationPlateformeTechnique2-1.pdf\" target=\"_blank\" rel=\"noopener noreferrer\"><strong> VOIR DOCUMENT PDF<\/strong>\u00a0<\/a><\/p>\n<p>Prix \u200b\u200bmaximum attendu: 25 000 \u20ac, plus la TVA correspondante.<\/p>\n<p>Date limite de soumission des offres: 10 f\u00e9vrier 2021 avant 08h00.<\/p>\n<p>Formulaire: Envoyez un e-mail exprimant votre volont\u00e9 de participer avec la documentation jointe \u00e0: <a href=\"mailto:info@translanekin.eu\">info@translanekin.eu<\/a><\/p>\n<p>[\/et_pb_toggle][et_pb_toggle title=\u00a0\u00bb#2.- Recrutement d&rsquo;un service pour les actions presse du projet\u00a0\u00bb open_toggle_text_color=\u00a0\u00bb#226acf\u00a0\u00bb open_toggle_background_color=\u00a0\u00bbrgba(244,244,244,0.43)\u00a0\u00bb closed_toggle_text_color=\u00a0\u00bb#226acf\u00a0\u00bb use_icon_font_size=\u00a0\u00bbon\u00a0\u00bb _builder_version=\u00a0\u00bb4.6.6&Prime; title_text_color=\u00a0\u00bb#051440&Prime; title_font=\u00a0\u00bb|600|||||||\u00a0\u00bb title_font_size=\u00a0\u00bb22px\u00a0\u00bb title_line_height=\u00a0\u00bb1.1em\u00a0\u00bb closed_title_font_size=\u00a0\u00bb18px\u00a0\u00bb border_color_all=\u00a0\u00bb#226acf\u00a0\u00bb]<\/p>\n<p>Le but:<\/p>\n<ul>\n<li><span>D\u00e9velopper des actions presse dans les 3 territoires impliqu\u00e9s dans le projet.<\/span><\/li>\n<li><span>Fournir l&rsquo;accord entre les demandes des journalistes et celles de l&rsquo;\u00e9quipe de projet.<\/span><\/li>\n<li>\n<p>R\u00e9diger en fran\u00e7ais, espagnol et basque de 6 \u00e0 10 arguments pour les journalistes (communiqu\u00e9s de presse, dossiers de presse, autres supports d&rsquo;information) pour promouvoir le projet pendant sa dur\u00e9e de validit\u00e9.<\/p>\n<\/li>\n<li>Planifier et suivre les campagnes de presse qui sont men\u00e9es avec l&rsquo;\u00e9quipe du projet.<\/li>\n<\/ul>\n<p>Plus d&rsquo;informations: <strong><a href=\"https:\/\/www.translanekin.eu\/wp-content\/uploads\/2020\/12\/Oferta-de-servicio-relaciones-de-prensa.pdf\" target=\"_blank\" rel=\"noopener noreferrer\">VER DOCUMENTO PDF<\/a><\/strong><\/p>\n<p>Prix \u200b\u200bmaximum attendu: 9 000 \u20ac, plus la TVA correspondante.<\/p>\n<p>Date limite de soumission des offres: 10 janvier 2021 avant 23 h 59<\/p>\n<p>Formulaire: Envoyez un courrier \u00e9lectronique exprimant votre volont\u00e9 de participer avec la documentation jointe \u00e0: translanekin@insup.org<\/p>\n<p>[\/et_pb_toggle][et_pb_toggle title=\u00a0\u00bb#3.- Embauche d&rsquo;un service de conseil principal pour les \u00e9tudes sociales et de march\u00e9\u00a0\u00bb open_toggle_text_color=\u00a0\u00bb#226acf\u00a0\u00bb open_toggle_background_color=\u00a0\u00bbrgba(244,244,244,0.43)\u00a0\u00bb closed_toggle_text_color=\u00a0\u00bb#226acf\u00a0\u00bb use_icon_font_size=\u00a0\u00bbon\u00a0\u00bb _builder_version=\u00a0\u00bb4.4.5&Prime; title_text_color=\u00a0\u00bb#051440&Prime; title_font=\u00a0\u00bb|600|||||||\u00a0\u00bb title_font_size=\u00a0\u00bb22px\u00a0\u00bb title_line_height=\u00a0\u00bb1.1em\u00a0\u00bb closed_title_font_size=\u00a0\u00bb18px\u00a0\u00bb border_color_all=\u00a0\u00bb#226acf\u00a0\u00bb]<\/p>\n<p>Objet:<\/p>\n<ul>\n<li>Soutien m\u00e9thodologique et recherche de ressources et d&rsquo;informations li\u00e9es \u00e0 l&#8217;emploi et \u00e0 la formation dans le domaine transfrontalier.<\/li>\n<li>Conception d&rsquo;une proposition de m\u00e9thodologie commune pour r\u00e9aliser un diagnostic transfrontalier dans les 3 territoires li\u00e9s \u00e0 la th\u00e9matique du projet.<\/li>\n<li>R\u00e9daction du rapport final avec les informations et conclusions des 3 territoires. Invitation de diagnostic Translanekin.<\/li>\n<\/ul>\n<p>Plus d&rsquo;informations: <strong><a href=\"https:\/\/www.translanekin.eu\/wp-content\/uploads\/2020\/05\/Invitacion-Diagnostico-TRANSLANEKIN_Consultor-Principal-ESP.pdf\" target=\"_blank\" rel=\"noopener noreferrer\">VER DOCUMENTO PDF<\/a><\/strong><\/p>\n<p>Prix \u200b\u200bmaximum attendu: 8 099 \u20ac, plus la TVA correspondante.<\/p>\n<p>Date limite de soumission des offres: 27 mai avant 23 h 59<\/p>\n<p>Formulaire: Envoyez un e-mail exprimant votre volont\u00e9 de participer avec la documentation jointe \u00e0: info@translanekin.eu<\/p>\n<p>[\/et_pb_toggle][et_pb_toggle title=\u00a0\u00bb#4.-Embaucher un service de conseil en \u00e9tudes sociales et de march\u00e9 dans chaque territoire participant.\u00a0\u00bb open_toggle_text_color=\u00a0\u00bb#226acf\u00a0\u00bb open_toggle_background_color=\u00a0\u00bbrgba(244,244,244,0.43)\u00a0\u00bb closed_toggle_text_color=\u00a0\u00bb#226acf\u00a0\u00bb use_icon_font_size=\u00a0\u00bbon\u00a0\u00bb _builder_version=\u00a0\u00bb4.6.6&Prime; title_text_color=\u00a0\u00bb#051440&Prime; title_font=\u00a0\u00bb|600|||||||\u00a0\u00bb title_font_size=\u00a0\u00bb22px\u00a0\u00bb title_line_height=\u00a0\u00bb1.1em\u00a0\u00bb closed_title_font_size=\u00a0\u00bb18px\u00a0\u00bb border_color_all=\u00a0\u00bb#226acf\u00a0\u00bb]<\/p>\n<p>Objectif: une enqu\u00eate quantitative de terrain dans trois territoires visant \u00e0 collecter des informations sp\u00e9cifiques pour:<\/p>\n<ul>\n<li>Les besoins en emploi sur le territoire transfrontalier, et en particulier les professions en tension \u00e0 couverture difficile,<\/li>\n<li>les pratiques commerciales locales et les leviers pour favoriser une plus grande mobilit\u00e9 de la main-d&rsquo;\u0153uvre entre les r\u00e9gions transfrontali\u00e8res,<\/li>\n<li>des programmes d&rsquo;orientation et d&rsquo;int\u00e9gration professionnelle dans la r\u00e9gion,<\/li>\n<li>les outils et ressources existants et leur d\u00e9veloppement,<\/li>\n<li>freins et leviers.<\/li>\n<\/ul>\n<p>Plus d&rsquo;informations: <strong><a href=\"https:\/\/www.translanekin.eu\/wp-content\/uploads\/2020\/05\/Inv_Diagnostique-TRANSLANEKIN-Consultant-territorial-FRA-ESP.pdf\" target=\"_blank\" rel=\"noopener noreferrer\">VER DOCUMENTO PDF<\/a><\/strong><\/p>\n<p>Volume \u00e9conomique: 2 892 \u20ac, plus la TVA correspondante, pour chaque territoire.<\/p>\n<p>Date limite de soumission des offres: 27 mai avant 23 h 59<\/p>\n<p>Formulaire: Envoyez un e-mail exprimant votre volont\u00e9 de participer avec la documentation jointe \u00e0: info@translanekin.eu<\/p>\n<p>[\/et_pb_toggle][et_pb_toggle title=\u00a0\u00bb#5.-Consultation pour une formation de d\u00e9veloppement de parcours de FOAD (Formation Ouverte A Distance)\u00a0\u00bb open_toggle_text_color=\u00a0\u00bb#226acf\u00a0\u00bb open_toggle_background_color=\u00a0\u00bbrgba(244,244,244,0.43)\u00a0\u00bb closed_toggle_text_color=\u00a0\u00bb#226acf\u00a0\u00bb use_icon_font_size=\u00a0\u00bbon\u00a0\u00bb _builder_version=\u00a0\u00bb4.9.4&Prime; title_text_color=\u00a0\u00bb#051440&Prime; title_font=\u00a0\u00bb|600|||||||\u00a0\u00bb title_font_size=\u00a0\u00bb22px\u00a0\u00bb title_line_height=\u00a0\u00bb1.1em\u00a0\u00bb closed_title_font_size=\u00a0\u00bb18px\u00a0\u00bb border_color_all=\u00a0\u00bb#226acf\u00a0\u00bb]<\/p>\n<p>Objectif: de\u0301velopper techniquement les outils et dispositifs ope\u0301rationnels construits pre\u0301ce\u0301demment avec les partenaires pour favoriser l\u2019employabilite\u0301 sur les me\u0301tiers en tension du bassin de vie transfrontalier;\u00a0pour faciliter et fluidifier les parcours d\u2019orientation et d\u2019insertion professionnelle sur le bassin de vie et pour faciliter et fluidifier les parcours de recrutement au sein des entreprises.\u00a0<\/p>\n<p>Pour cela nous souhaitons notamment:<\/p>\n<ul>\n<li>\n<div class=\"page\" title=\"Page 2\">\n<div class=\"layoutArea\">\n<div class=\"column\">\n<ol start=\"0\">\n<ul>\n<li><span>De\u0301velopper la plateforme web d&rsquo;outils didactiques ;<\/span><\/li>\n<li><span>De\u0301velopper une vitrine particulie\u0300re dans la plateforme avec des services pour promouvoir les<\/span>\n<p><span>me\u0301tiers en tension et les itine\u0301raires d&rsquo;insertion correspondant ;<\/span><\/p>\n<\/li>\n<li><span>De\u0301velopper les formations a\u0300 distance (a\u0300 partir des outils du logiciel Moodle qu&rsquo;utilisent de\u0301ja\u0300\u00a0<\/span><span>trois des acteurs du projet) correspondantes : au Re\u0301fe\u0301rentiel \u00ab Re\u0301fe\u0301rent.e Mobilite\u0301\u00a0<\/span><span>transfrontalie\u0300re \u00bb; au public employeur; etc. ;<\/span><\/li>\n<li><span>Tester les se\u0301quences pe\u0301dagogiques ;<\/span><\/li>\n<li><span>Construire de manie\u0300re ope\u0301rationnelle les outils didactiques simples a\u0300 destination des\u00a0<\/span><span>candidat.e.s et pouvant e\u0302tre inte\u0301gre\u0301s a\u0300 un espace de\u0301die\u0301 de la plateforme Web, facilitant le<\/span><span>partage d\u2019expe\u0301riences, et assurant une comple\u0301mentarite\u0301 et un lien vers la plateforme du<\/span><span>Projet POCTEFA Empleo ;<\/span><\/li>\n<li><span>Assurer la communication directe du projet pour assurer sa pe\u0301rennite\u0301 et son efficience au- dela\u0300 de la pe\u0301riode de re\u0301alisation a\u0300 travers les me\u0301dias locaux et au moyens de publications papiers visant a\u0300 faciliter l&rsquo;appropriation du service par les personnes les plus e\u0301loigne\u0301es de<\/span><span>l\u2019insertion <\/span><span>professionnelle. \u00bb<\/span><\/li>\n<\/ul>\n<\/ol>\n<\/div>\n<\/div>\n<\/div>\n<p><span>Pour cela, nous souhaitons notamment :<\/span><\/p>\n<\/li>\n<\/ul>\n<p>Plus d&rsquo;informations: <strong><a href=\"https:\/\/www.translanekin.eu\/wp-content\/uploads\/2021\/09\/FR-Moodle_MOOC_formation.pdf\" target=\"_blank\" rel=\"noopener noreferrer\">VER DOCUMENTO PDF<\/a><\/strong><\/p>\n<p>Volume \u00e9conomique: 25.000 \u20ac, plus la TVA correspondante.<\/p>\n<p>Date limite de soumission des offres: 18 octobre avant 08 h 00<\/p>\n<p>Formulaire: Envoyez un e-mail exprimant votre volont\u00e9 de participer avec la documentation jointe \u00e0: info@translanekin.eu<\/p>\n<p>[\/et_pb_toggle][\/et_pb_column][\/et_pb_row][\/et_pb_section]<\/p>\n","protected":false},"excerpt":{"rendered":"<p>Dans cette section, les avis d\u2019adjudications et les invitations \u00e0 soumettre des offres en relation avec les contrats d\u2019assistance technique et d\u2019achat d&rsquo;\u00e9quipements n\u00e9cessaires \u00e0 la bonne ex\u00e9cution des activit\u00e9s du projet, y seront publi\u00e9s.Le but: D\u00e9velopper la plateforme Web avec les outils p\u00e9dagogiques. D\u00e9velopper des formations \u00e0 distance avec le logiciel MOODLE. Rendre visibles [&hellip;]<\/p>\n","protected":false},"author":2,"featured_media":0,"parent":0,"menu_order":0,"comment_status":"closed","ping_status":"closed","template":"","meta":{"_et_pb_use_builder":"on","_et_pb_old_content":"","_et_gb_content_width":"","footnotes":""},"class_list":["post-573","page","type-page","status-publish","hentry"],"yoast_head":"<!-- This site is optimized with the Yoast SEO plugin v27.5 - https:\/\/yoast.com\/product\/yoast-seo-wordpress\/ -->\n<title>APPELS - Translanekin<\/title>\n<meta name=\"robots\" content=\"index, follow, max-snippet:-1, max-image-preview:large, max-video-preview:-1\" \/>\n<link rel=\"canonical\" href=\"https:\/\/www.translanekin.eu\/fr\/appels\/\" \/>\n<meta property=\"og:locale\" content=\"fr_FR\" \/>\n<meta property=\"og:type\" content=\"article\" \/>\n<meta property=\"og:title\" content=\"APPELS - Translanekin\" \/>\n<meta property=\"og:description\" content=\"Dans cette section, les avis d\u2019adjudications et les invitations \u00e0 soumettre des offres en relation avec les contrats d\u2019assistance technique et d\u2019achat d&#039;\u00e9quipements n\u00e9cessaires \u00e0 la bonne ex\u00e9cution des activit\u00e9s du projet, y seront publi\u00e9s.Le but: D\u00e9velopper la plateforme Web avec les outils p\u00e9dagogiques. D\u00e9velopper des formations \u00e0 distance avec le logiciel MOODLE. Rendre visibles [&hellip;]\" \/>\n<meta property=\"og:url\" content=\"https:\/\/www.translanekin.eu\/fr\/appels\/\" \/>\n<meta property=\"og:site_name\" content=\"Translanekin\" \/>\n<meta property=\"article:modified_time\" content=\"2021-09-30T18:03:21+00:00\" \/>\n<meta name=\"twitter:card\" content=\"summary_large_image\" \/>\n<meta name=\"twitter:label1\" content=\"Dur\u00e9e de lecture estim\u00e9e\" \/>\n\t<meta name=\"twitter:data1\" content=\"6 minutes\" \/>\n<script type=\"application\/ld+json\" class=\"yoast-schema-graph\">{\"@context\":\"https:\\\/\\\/schema.org\",\"@graph\":[{\"@type\":\"WebPage\",\"@id\":\"https:\\\/\\\/www.translanekin.eu\\\/fr\\\/appels\\\/\",\"url\":\"https:\\\/\\\/www.translanekin.eu\\\/fr\\\/appels\\\/\",\"name\":\"APPELS - Translanekin\",\"isPartOf\":{\"@id\":\"https:\\\/\\\/www.translanekin.eu\\\/fr\\\/#website\"},\"datePublished\":\"2020-05-06T10:18:30+00:00\",\"dateModified\":\"2021-09-30T18:03:21+00:00\",\"breadcrumb\":{\"@id\":\"https:\\\/\\\/www.translanekin.eu\\\/fr\\\/appels\\\/#breadcrumb\"},\"inLanguage\":\"fr-FR\",\"potentialAction\":[{\"@type\":\"ReadAction\",\"target\":[\"https:\\\/\\\/www.translanekin.eu\\\/fr\\\/appels\\\/\"]}]},{\"@type\":\"BreadcrumbList\",\"@id\":\"https:\\\/\\\/www.translanekin.eu\\\/fr\\\/appels\\\/#breadcrumb\",\"itemListElement\":[{\"@type\":\"ListItem\",\"position\":1,\"name\":\"Portada\",\"item\":\"https:\\\/\\\/www.translanekin.eu\\\/fr\\\/\"},{\"@type\":\"ListItem\",\"position\":2,\"name\":\"APPELS\"}]},{\"@type\":\"WebSite\",\"@id\":\"https:\\\/\\\/www.translanekin.eu\\\/fr\\\/#website\",\"url\":\"https:\\\/\\\/www.translanekin.eu\\\/fr\\\/\",\"name\":\"Translanekin\",\"description\":\"Un proyecto para impulsar la movilidad laboral a ambos lados del Pirineo\",\"potentialAction\":[{\"@type\":\"SearchAction\",\"target\":{\"@type\":\"EntryPoint\",\"urlTemplate\":\"https:\\\/\\\/www.translanekin.eu\\\/fr\\\/?s={search_term_string}\"},\"query-input\":{\"@type\":\"PropertyValueSpecification\",\"valueRequired\":true,\"valueName\":\"search_term_string\"}}],\"inLanguage\":\"fr-FR\"}]}<\/script>\n<!-- \/ Yoast SEO plugin. -->","yoast_head_json":{"title":"APPELS - Translanekin","robots":{"index":"index","follow":"follow","max-snippet":"max-snippet:-1","max-image-preview":"max-image-preview:large","max-video-preview":"max-video-preview:-1"},"canonical":"https:\/\/www.translanekin.eu\/fr\/appels\/","og_locale":"fr_FR","og_type":"article","og_title":"APPELS - Translanekin","og_description":"Dans cette section, les avis d\u2019adjudications et les invitations \u00e0 soumettre des offres en relation avec les contrats d\u2019assistance technique et d\u2019achat d'\u00e9quipements n\u00e9cessaires \u00e0 la bonne ex\u00e9cution des activit\u00e9s du projet, y seront publi\u00e9s.Le but: D\u00e9velopper la plateforme Web avec les outils p\u00e9dagogiques. D\u00e9velopper des formations \u00e0 distance avec le logiciel MOODLE. Rendre visibles [&hellip;]","og_url":"https:\/\/www.translanekin.eu\/fr\/appels\/","og_site_name":"Translanekin","article_modified_time":"2021-09-30T18:03:21+00:00","twitter_card":"summary_large_image","twitter_misc":{"Dur\u00e9e de lecture estim\u00e9e":"6 minutes"},"schema":{"@context":"https:\/\/schema.org","@graph":[{"@type":"WebPage","@id":"https:\/\/www.translanekin.eu\/fr\/appels\/","url":"https:\/\/www.translanekin.eu\/fr\/appels\/","name":"APPELS - Translanekin","isPartOf":{"@id":"https:\/\/www.translanekin.eu\/fr\/#website"},"datePublished":"2020-05-06T10:18:30+00:00","dateModified":"2021-09-30T18:03:21+00:00","breadcrumb":{"@id":"https:\/\/www.translanekin.eu\/fr\/appels\/#breadcrumb"},"inLanguage":"fr-FR","potentialAction":[{"@type":"ReadAction","target":["https:\/\/www.translanekin.eu\/fr\/appels\/"]}]},{"@type":"BreadcrumbList","@id":"https:\/\/www.translanekin.eu\/fr\/appels\/#breadcrumb","itemListElement":[{"@type":"ListItem","position":1,"name":"Portada","item":"https:\/\/www.translanekin.eu\/fr\/"},{"@type":"ListItem","position":2,"name":"APPELS"}]},{"@type":"WebSite","@id":"https:\/\/www.translanekin.eu\/fr\/#website","url":"https:\/\/www.translanekin.eu\/fr\/","name":"Translanekin","description":"Un proyecto para impulsar la movilidad laboral a ambos lados del Pirineo","potentialAction":[{"@type":"SearchAction","target":{"@type":"EntryPoint","urlTemplate":"https:\/\/www.translanekin.eu\/fr\/?s={search_term_string}"},"query-input":{"@type":"PropertyValueSpecification","valueRequired":true,"valueName":"search_term_string"}}],"inLanguage":"fr-FR"}]}},"_links":{"self":[{"href":"https:\/\/www.translanekin.eu\/fr\/wp-json\/wp\/v2\/pages\/573","targetHints":{"allow":["GET"]}}],"collection":[{"href":"https:\/\/www.translanekin.eu\/fr\/wp-json\/wp\/v2\/pages"}],"about":[{"href":"https:\/\/www.translanekin.eu\/fr\/wp-json\/wp\/v2\/types\/page"}],"author":[{"embeddable":true,"href":"https:\/\/www.translanekin.eu\/fr\/wp-json\/wp\/v2\/users\/2"}],"replies":[{"embeddable":true,"href":"https:\/\/www.translanekin.eu\/fr\/wp-json\/wp\/v2\/comments?post=573"}],"version-history":[{"count":28,"href":"https:\/\/www.translanekin.eu\/fr\/wp-json\/wp\/v2\/pages\/573\/revisions"}],"predecessor-version":[{"id":1563,"href":"https:\/\/www.translanekin.eu\/fr\/wp-json\/wp\/v2\/pages\/573\/revisions\/1563"}],"wp:attachment":[{"href":"https:\/\/www.translanekin.eu\/fr\/wp-json\/wp\/v2\/media?parent=573"}],"curies":[{"name":"wp","href":"https:\/\/api.w.org\/{rel}","templated":true}]}}